{"id":667,"date":"2017-05-24T14:21:38","date_gmt":"2017-05-24T14:21:38","guid":{"rendered":"https:\/\/www.speichermarkt.de\/blog\/?page_id=667"},"modified":"2021-12-16T14:34:17","modified_gmt":"2021-12-16T13:34:17","slug":"news","status":"publish","type":"page","link":"https:\/\/www.speichermarkt.de\/blog\/news\/","title":{"rendered":"News"},"content":{"rendered":"<div class=\"fusion-fullwidth fullwidth-box fusion-builder-row-1 nonhundred-percent-fullwidth non-hundred-percent-height-scrolling\" style=\"--awb-border-radius-top-left:0px;--awb-border-radius-top-right:0px;--awb-border-radius-bottom-right:0px;--awb-border-radius-bottom-left:0px;--awb-flex-wrap:wrap;\" ><div class=\"fusion-builder-row fusion-row\"><div class=\"fusion-layout-column fusion_builder_column fusion-builder-column-0 fusion_builder_column_1_1 1_1 fusion-one-full fusion-column-first fusion-column-last fusion-column-no-min-height\" style=\"--awb-bg-size:cover;\"><div class=\"fusion-column-wrapper fusion-flex-column-wrapper-legacy\"><div class=\"fusion-blog-shortcode fusion-blog-shortcode-1 fusion-blog-archive fusion-blog-layout-grid-wrapper fusion-blog-no\"><style type=\"text\/css\">.fusion-blog-shortcode-1 .fusion-blog-layout-grid .fusion-post-grid{padding:20px;}.fusion-blog-shortcode-1 .fusion-posts-container{margin-left: -20px !important; margin-right:-20px !important;}<\/style><div class=\"fusion-posts-container fusion-posts-container-no fusion-blog-rollover fusion-blog-layout-grid fusion-blog-layout-grid-3 isotope fusion-blog-equal-heights\" data-pages=\"0\" data-grid-col-space=\"40\" style=\"margin: -20px -20px 0;min-height:500px;\"><article id=\"blog-1-post-1149\" class=\"fusion-post-grid post-1149 post type-post status-publish format-standard has-post-thumbnail hentry category-news tag-arbeitspeicher tag-ddr4 tag-speicher tag-speichermarkt\">\n<div class=\"fusion-post-wrapper\" style=\"background-color:rgba(255,255,255,0);border:1px solid #ebeaea;border-bottom-width:3px;\">\n\n\t\t\t<div class=\"fusion-flexslider flexslider fusion-flexslider-loading fusion-post-slideshow\" style=\"border-color:#ebeaea;\">\n\t\t<ul class=\"slides\">\n\t\t\t\n\t\t\t\t\t\t\t\t\t\t\t\t\t\t<li><div  class=\"fusion-image-wrapper\" aria-haspopup=\"true\">\n\t\t\t\t<img decoding=\"async\" width=\"800\" height=\"533\" src=\"https:\/\/www.speichermarkt.de\/blog\/wp-content\/uploads\/2010\/12\/ExpertMemory.jpg\" class=\"attachment-full size-full lazyload wp-post-image\" alt=\"ExpertMemory\" srcset=\"data:image\/svg+xml,%3Csvg%20xmlns%3D%27http%3A%2F%2Fwww.w3.org%2F2000%2Fsvg%27%20width%3D%27800%27%20height%3D%27533%27%20viewBox%3D%270%200%20800%20533%27%3E%3Crect%20width%3D%27800%27%20height%3D%27533%27%20fill-opacity%3D%220%22%2F%3E%3C%2Fsvg%3E\" data-orig-src=\"https:\/\/www.speichermarkt.de\/blog\/wp-content\/uploads\/2010\/12\/ExpertMemory.jpg\" data-srcset=\"https:\/\/www.speichermarkt.de\/blog\/wp-content\/uploads\/2010\/12\/ExpertMemory-200x133.jpg 200w, https:\/\/www.speichermarkt.de\/blog\/wp-content\/uploads\/2010\/12\/ExpertMemory-400x267.jpg 400w, https:\/\/www.speichermarkt.de\/blog\/wp-content\/uploads\/2010\/12\/ExpertMemory-600x400.jpg 600w, https:\/\/www.speichermarkt.de\/blog\/wp-content\/uploads\/2010\/12\/ExpertMemory.jpg 800w\" data-sizes=\"auto\" \/><div class=\"fusion-rollover\">\n\t<div class=\"fusion-rollover-content\">\n\n\t\t\t\t\n\t\t\n\t\t\t\t\t\t\t\t\t\t\t\t<h4 class=\"fusion-rollover-title\">\n\t\t\t\t\t<a class=\"fusion-rollover-title-link\" href=\"https:\/\/www.speichermarkt.de\/blog\/news\/ddr-4-ram-die-4-generation-des-arbeitsspeichers\/\">\n\t\t\t\t\t\tDDR 4 RAM &#8211; Die 4. Generation des Arbeitsspeichers\t\t\t\t\t<\/a>\n\t\t\t\t<\/h4>\n\t\t\t\n\t\t\t\t\t\t\t\t\n\t\t\n\t\t\t\t\t\t<a class=\"fusion-link-wrapper\" href=\"https:\/\/www.speichermarkt.de\/blog\/news\/ddr-4-ram-die-4-generation-des-arbeitsspeichers\/\" aria-label=\"DDR 4 RAM &#8211; Die 4. Generation des Arbeitsspeichers\"><\/a>\n\t<\/div>\n<\/div>\n<\/div>\n<\/li>\n\t\t\t\n\t\t\t\n\t\t\t\t\t\t\t\t\t\t\t\t\t\t\t\t\t\t\t\t\t\t\t\t\t\t\t\t\t\t\t\t\t\t\t\t\t\t\t\t\t\t\t\t\t\t\t\t\t\t\t\t\t\t\t\t\t\t\t\t\t\t\t\t\t\t\t\t<\/ul>\n\t<\/div>\n\t<div class=\"fusion-post-content-wrapper\" style=\"padding:30px 25px 20px 25px;\"><div class=\"fusion-post-content post-content\"><h2 class=\"blog-shortcode-post-title entry-title\"><a href=\"https:\/\/www.speichermarkt.de\/blog\/news\/ddr-4-ram-die-4-generation-des-arbeitsspeichers\/\">DDR 4 RAM &#8211; Die 4. Generation des Arbeitsspeichers<\/a><\/h2><p class=\"fusion-single-line-meta\">Von <span class=\"vcard\"><span class=\"fn\"><a href=\"https:\/\/www.speichermarkt.de\/blog\/author\/spmdev\/\" rel=\"author\">Speichermarkt Team<\/a><\/span><\/span><span class=\"fusion-inline-sep\">|<\/span><a href=\"https:\/\/www.speichermarkt.de\/blog\/category\/news\/\" rel=\"category tag\">News<\/a><span class=\"fusion-inline-sep\">|<\/span><\/p><div class=\"fusion-content-sep sep-single sep-dashed\"><\/div><div class=\"fusion-post-content-container\"><p>Mit dem Erscheinen der Intel Skylake Plattform wurde durch die DDR4-RAM Speichertechnologie 2014 der n\u00e4chste Schritt auf dem Weg zu h\u00f6heren Geschwindigkeiten er\u00f6ffnet. Bereits 2012 wusste man in der Branche, dass der 2006 etablierte DDR-3<\/p><\/div><\/div><div class=\"fusion-meta-info\"><div class=\"fusion-alignleft\"><a class=\"fusion-read-more\" href=\"https:\/\/www.speichermarkt.de\/blog\/news\/ddr-4-ram-die-4-generation-des-arbeitsspeichers\/\" aria-label=\"More on DDR 4 RAM &#8211; Die 4. Generation des Arbeitsspeichers\">Weiterlesen<\/a><\/div><\/div><\/div><div class=\"fusion-clearfix\"><\/div><\/div>\n<\/article>\n<article id=\"blog-1-post-298\" class=\"fusion-post-grid post-298 post type-post status-publish format-standard has-post-thumbnail hentry category-news\">\n<div class=\"fusion-post-wrapper\" style=\"background-color:rgba(255,255,255,0);border:1px solid #ebeaea;border-bottom-width:3px;\">\n\n\t\t\t<div class=\"fusion-flexslider flexslider fusion-flexslider-loading fusion-post-slideshow\" style=\"border-color:#ebeaea;\">\n\t\t<ul class=\"slides\">\n\t\t\t\n\t\t\t\t\t\t\t\t\t\t\t\t\t\t<li><div  class=\"fusion-image-wrapper\" aria-haspopup=\"true\">\n\t\t\t\t<img decoding=\"async\" width=\"800\" height=\"533\" src=\"https:\/\/www.speichermarkt.de\/blog\/wp-content\/uploads\/2010\/12\/LRDIMM_One.jpg\" class=\"attachment-full size-full lazyload wp-post-image\" alt=\"Server Arbeitsspeicher\" srcset=\"data:image\/svg+xml,%3Csvg%20xmlns%3D%27http%3A%2F%2Fwww.w3.org%2F2000%2Fsvg%27%20width%3D%27800%27%20height%3D%27533%27%20viewBox%3D%270%200%20800%20533%27%3E%3Crect%20width%3D%27800%27%20height%3D%27533%27%20fill-opacity%3D%220%22%2F%3E%3C%2Fsvg%3E\" data-orig-src=\"https:\/\/www.speichermarkt.de\/blog\/wp-content\/uploads\/2010\/12\/LRDIMM_One.jpg\" data-srcset=\"https:\/\/www.speichermarkt.de\/blog\/wp-content\/uploads\/2010\/12\/LRDIMM_One-200x133.jpg 200w, https:\/\/www.speichermarkt.de\/blog\/wp-content\/uploads\/2010\/12\/LRDIMM_One-400x267.jpg 400w, https:\/\/www.speichermarkt.de\/blog\/wp-content\/uploads\/2010\/12\/LRDIMM_One-600x400.jpg 600w, https:\/\/www.speichermarkt.de\/blog\/wp-content\/uploads\/2010\/12\/LRDIMM_One.jpg 800w\" data-sizes=\"auto\" \/><div class=\"fusion-rollover\">\n\t<div class=\"fusion-rollover-content\">\n\n\t\t\t\t\n\t\t\n\t\t\t\t\t\t\t\t\t\t\t\t<h4 class=\"fusion-rollover-title\">\n\t\t\t\t\t<a class=\"fusion-rollover-title-link\" href=\"https:\/\/www.speichermarkt.de\/blog\/news\/lr-dimm-arbeitsspeicher-fur-weniger-speicherbus-datenlast\/\">\n\t\t\t\t\t\tLR-DIMM Arbeitsspeicher f\u00fcr weniger Speicherbus-Datenlast\t\t\t\t\t<\/a>\n\t\t\t\t<\/h4>\n\t\t\t\n\t\t\t\t\t\t\t\t\n\t\t\n\t\t\t\t\t\t<a class=\"fusion-link-wrapper\" href=\"https:\/\/www.speichermarkt.de\/blog\/news\/lr-dimm-arbeitsspeicher-fur-weniger-speicherbus-datenlast\/\" aria-label=\"LR-DIMM Arbeitsspeicher f\u00fcr weniger Speicherbus-Datenlast\"><\/a>\n\t<\/div>\n<\/div>\n<\/div>\n<\/li>\n\t\t\t\n\t\t\t\n\t\t\t\t\t\t\t\t\t\t\t\t\t\t\t\t\t\t\t\t\t\t\t\t\t\t\t\t\t\t\t\t\t\t\t\t\t\t\t\t\t\t\t\t\t\t\t\t\t\t\t\t\t\t\t\t\t\t\t\t\t\t\t\t\t\t\t\t<\/ul>\n\t<\/div>\n\t<div class=\"fusion-post-content-wrapper\" style=\"padding:30px 25px 20px 25px;\"><div class=\"fusion-post-content post-content\"><h2 class=\"blog-shortcode-post-title entry-title\"><a href=\"https:\/\/www.speichermarkt.de\/blog\/news\/lr-dimm-arbeitsspeicher-fur-weniger-speicherbus-datenlast\/\">LR-DIMM Arbeitsspeicher f\u00fcr weniger Speicherbus-Datenlast<\/a><\/h2><p class=\"fusion-single-line-meta\">Von <span class=\"vcard\"><span class=\"fn\"><a href=\"https:\/\/www.speichermarkt.de\/blog\/author\/spmdev\/\" rel=\"author\">Speichermarkt Team<\/a><\/span><\/span><span class=\"fusion-inline-sep\">|<\/span><a href=\"https:\/\/www.speichermarkt.de\/blog\/category\/news\/\" rel=\"category tag\">News<\/a><span class=\"fusion-inline-sep\">|<\/span><\/p><div class=\"fusion-content-sep sep-single sep-dashed\"><\/div><div class=\"fusion-post-content-container\"><p> LR-DIMMs (Load-Reduced Dual Inline Memory Modules) sind Speicherriegel, mit denen sich die Datenlast auf dem Speicherbus erheblich verringern l\u00e4sst. Load-Reduced-DIMMs verf\u00fcgen \u00fcber einen eigenen Pufferchip, unterst\u00fctzen h\u00f6here Speicherkapazit\u00e4ten als herk\u00f6mmlicher RDIMM-Arbeitsspeicher und werden von<\/p><\/div><\/div><div class=\"fusion-meta-info\"><div class=\"fusion-alignleft\"><a class=\"fusion-read-more\" href=\"https:\/\/www.speichermarkt.de\/blog\/news\/lr-dimm-arbeitsspeicher-fur-weniger-speicherbus-datenlast\/\" aria-label=\"More on LR-DIMM Arbeitsspeicher f\u00fcr weniger Speicherbus-Datenlast\">Weiterlesen<\/a><\/div><\/div><\/div><div class=\"fusion-clearfix\"><\/div><\/div>\n<\/article>\n<article id=\"blog-1-post-1181\" class=\"fusion-post-grid post-1181 post type-post status-publish format-standard has-post-thumbnail hentry category-news\">\n<div class=\"fusion-post-wrapper\" style=\"background-color:rgba(255,255,255,0);border:1px solid #ebeaea;border-bottom-width:3px;\">\n\n\t\t\t<div class=\"fusion-flexslider flexslider fusion-flexslider-loading fusion-post-slideshow\" style=\"border-color:#ebeaea;\">\n\t\t<ul class=\"slides\">\n\t\t\t\n\t\t\t\t\t\t\t\t\t\t\t\t\t\t<li><div  class=\"fusion-image-wrapper\" aria-haspopup=\"true\">\n\t\t\t\t<img decoding=\"async\" width=\"800\" height=\"533\" src=\"https:\/\/www.speichermarkt.de\/blog\/wp-content\/uploads\/2010\/12\/Alle_Speicher.jpg\" class=\"attachment-full size-full lazyload wp-post-image\" alt=\"Speicher\" srcset=\"data:image\/svg+xml,%3Csvg%20xmlns%3D%27http%3A%2F%2Fwww.w3.org%2F2000%2Fsvg%27%20width%3D%27800%27%20height%3D%27533%27%20viewBox%3D%270%200%20800%20533%27%3E%3Crect%20width%3D%27800%27%20height%3D%27533%27%20fill-opacity%3D%220%22%2F%3E%3C%2Fsvg%3E\" data-orig-src=\"https:\/\/www.speichermarkt.de\/blog\/wp-content\/uploads\/2010\/12\/Alle_Speicher.jpg\" data-srcset=\"https:\/\/www.speichermarkt.de\/blog\/wp-content\/uploads\/2010\/12\/Alle_Speicher-200x133.jpg 200w, https:\/\/www.speichermarkt.de\/blog\/wp-content\/uploads\/2010\/12\/Alle_Speicher-400x267.jpg 400w, https:\/\/www.speichermarkt.de\/blog\/wp-content\/uploads\/2010\/12\/Alle_Speicher-600x400.jpg 600w, https:\/\/www.speichermarkt.de\/blog\/wp-content\/uploads\/2010\/12\/Alle_Speicher.jpg 800w\" data-sizes=\"auto\" \/><div class=\"fusion-rollover\">\n\t<div class=\"fusion-rollover-content\">\n\n\t\t\t\t\n\t\t\n\t\t\t\t\t\t\t\t\t\t\t\t<h4 class=\"fusion-rollover-title\">\n\t\t\t\t\t<a class=\"fusion-rollover-title-link\" href=\"https:\/\/www.speichermarkt.de\/blog\/news\/arbeitsspeicher-8gb-ddr3-sodimm\/\">\n\t\t\t\t\t\tMobil &#038; Leistungsstark\t\t\t\t\t<\/a>\n\t\t\t\t<\/h4>\n\t\t\t\n\t\t\t\t\t\t\t\t\n\t\t\n\t\t\t\t\t\t<a class=\"fusion-link-wrapper\" href=\"https:\/\/www.speichermarkt.de\/blog\/news\/arbeitsspeicher-8gb-ddr3-sodimm\/\" aria-label=\"Mobil &#038; Leistungsstark\"><\/a>\n\t<\/div>\n<\/div>\n<\/div>\n<\/li>\n\t\t\t\n\t\t\t\n\t\t\t\t\t\t\t\t\t\t\t\t\t\t\t\t\t\t\t\t\t\t\t\t\t\t\t\t\t\t\t\t\t\t\t\t\t\t\t\t\t\t\t\t\t\t\t\t\t\t\t\t\t\t\t\t\t\t\t\t\t\t\t\t\t\t\t\t<\/ul>\n\t<\/div>\n\t<div class=\"fusion-post-content-wrapper\" style=\"padding:30px 25px 20px 25px;\"><div class=\"fusion-post-content post-content\"><h2 class=\"blog-shortcode-post-title entry-title\"><a href=\"https:\/\/www.speichermarkt.de\/blog\/news\/arbeitsspeicher-8gb-ddr3-sodimm\/\">Mobil &#038; Leistungsstark<\/a><\/h2><p class=\"fusion-single-line-meta\">Von <span class=\"vcard\"><span class=\"fn\"><a href=\"https:\/\/www.speichermarkt.de\/blog\/author\/spmdev\/\" rel=\"author\">Speichermarkt Team<\/a><\/span><\/span><span class=\"fusion-inline-sep\">|<\/span><a href=\"https:\/\/www.speichermarkt.de\/blog\/category\/news\/\" rel=\"category tag\">News<\/a><span class=\"fusion-inline-sep\">|<\/span><\/p><div class=\"fusion-content-sep sep-single sep-dashed\"><\/div><div class=\"fusion-post-content-container\"><p> M\u00f6chten Sie sich darauf verlassen k\u00f6nnen, dass Ihr Notebook auch besonders speicherintensive Anwendungen jederzeit zuverl\u00e4ssig ausf\u00fchrt? Mit den brandneuen 8 GB Modulen wird Ihr Notebook zum leistungsstarken mobilen Begleiter, der sogar Virtualisierungsl\u00f6sungen erm\u00f6glicht. Bei<\/p><\/div><\/div><div class=\"fusion-meta-info\"><div class=\"fusion-alignleft\"><a class=\"fusion-read-more\" href=\"https:\/\/www.speichermarkt.de\/blog\/news\/arbeitsspeicher-8gb-ddr3-sodimm\/\" aria-label=\"More on Mobil &#038; Leistungsstark\">Weiterlesen<\/a><\/div><\/div><\/div><div class=\"fusion-clearfix\"><\/div><\/div>\n<\/article>\n<article id=\"blog-1-post-1183\" class=\"fusion-post-grid post-1183 post type-post status-publish format-standard hentry category-news\">\n<div class=\"fusion-post-wrapper\" style=\"background-color:rgba(255,255,255,0);border:1px solid #ebeaea;border-bottom-width:3px;\">\n\n<div class=\"fusion-post-content-wrapper\" style=\"padding:30px 25px 20px 25px;\"><div class=\"fusion-post-content post-content\"><h2 class=\"blog-shortcode-post-title entry-title\"><a href=\"https:\/\/www.speichermarkt.de\/blog\/news\/drucker-mit-arbeitsspeicher-wieder-flottmachen-so-geht-es\/\">Drucker mit Arbeitsspeicher wieder flottmachen? So geht\u2019s!<\/a><\/h2><p class=\"fusion-single-line-meta\">Von <span class=\"vcard\"><span class=\"fn\"><a href=\"https:\/\/www.speichermarkt.de\/blog\/author\/spmdev\/\" rel=\"author\">Speichermarkt Team<\/a><\/span><\/span><span class=\"fusion-inline-sep\">|<\/span><a href=\"https:\/\/www.speichermarkt.de\/blog\/category\/news\/\" rel=\"category tag\">News<\/a><span class=\"fusion-inline-sep\">|<\/span><\/p><div class=\"fusion-content-sep sep-single sep-dashed\"><\/div><div class=\"fusion-post-content-container\"><p> Der n\u00e4chste Termin in Ihrer Agenda ist in ein paar Minuten. Sie wollen nur mal eben einen Mailanhang oder eine Pr\u00e4sentation ausdrucken, und ausgerechnet jetzt spielt Ihr Drucker wieder nicht mit. Woran das liegen<\/p><\/div><\/div><div class=\"fusion-meta-info\"><div class=\"fusion-alignleft\"><a class=\"fusion-read-more\" href=\"https:\/\/www.speichermarkt.de\/blog\/news\/drucker-mit-arbeitsspeicher-wieder-flottmachen-so-geht-es\/\" aria-label=\"More on Drucker mit Arbeitsspeicher wieder flottmachen? So geht\u2019s!\">Weiterlesen<\/a><\/div><\/div><\/div><div class=\"fusion-clearfix\"><\/div><\/div>\n<\/article>\n<div class=\"fusion-clearfix\"><\/div><\/div><\/div><div class=\"fusion-clearfix\"><\/div><\/div><\/div><\/div><\/div>\n","protected":false},"excerpt":{"rendered":"<p>yes<\/p>\n","protected":false},"author":1,"featured_media":0,"parent":0,"menu_order":0,"comment_status":"closed","ping_status":"closed","template":"100-width.php","meta":{"footnotes":""},"class_list":["post-667","page","type-page","status-publish","hentry"],"_links":{"self":[{"href":"https:\/\/www.speichermarkt.de\/blog\/wp-json\/wp\/v2\/pages\/667","targetHints":{"allow":["GET"]}}],"collection":[{"href":"https:\/\/www.speichermarkt.de\/blog\/wp-json\/wp\/v2\/pages"}],"about":[{"href":"https:\/\/www.speichermarkt.de\/blog\/wp-json\/wp\/v2\/types\/page"}],"author":[{"embeddable":true,"href":"https:\/\/www.speichermarkt.de\/blog\/wp-json\/wp\/v2\/users\/1"}],"replies":[{"embeddable":true,"href":"https:\/\/www.speichermarkt.de\/blog\/wp-json\/wp\/v2\/comments?post=667"}],"version-history":[{"count":8,"href":"https:\/\/www.speichermarkt.de\/blog\/wp-json\/wp\/v2\/pages\/667\/revisions"}],"predecessor-version":[{"id":1403,"href":"https:\/\/www.speichermarkt.de\/blog\/wp-json\/wp\/v2\/pages\/667\/revisions\/1403"}],"wp:attachment":[{"href":"https:\/\/www.speichermarkt.de\/blog\/wp-json\/wp\/v2\/media?parent=667"}],"curies":[{"name":"wp","href":"https:\/\/api.w.org\/{rel}","templated":true}]}}